{"id":3624,"date":"2020-07-01T11:51:41","date_gmt":"2020-07-01T09:51:41","guid":{"rendered":"https:\/\/svnew.mailbox-marketing7.be\/product\/isatteliti-s-200-90\/"},"modified":"2023-03-28T13:51:53","modified_gmt":"2023-03-28T11:51:53","slug":"isatteliti-s-200-90","status":"publish","type":"producten","link":"https:\/\/www.sv.be\/fr\/produit\/isatteliti-s-200-90\/","title":{"rendered":"iSatteliti S\/200.90"},"content":{"rendered":"\n<p>Le mod\u00e8le S\/200.90 de F&amp;L Design pour Unifor convient parfaitement \u00e0 la cr\u00e9ation d'&#8221;\u00e9tablis&#8221;. Gr\u00e2ce \u00e0 son r\u00e9glage simple en hauteur, l&#8217;\u00e9tabli est destin\u00e9 \u00e0 \u00eatre utilis\u00e9 aussi bien pour le travail assis que pour le travail debout. Cette disposition de deux postes de travail oppos\u00e9s (poste de travail en duo) utilise le m\u00eame ch\u00e2ssis. Par cons\u00e9quent, seuls quatre pieds en retrait pour deux postes de travail sont n\u00e9cessaires, ce qui cr\u00e9e une image calme. Les postes de travail peuvent \u00eatre \u00e9quip\u00e9s et compl\u00e9t\u00e9s par divers accessoires.<\/p>\n","protected":false},"featured_media":3626,"menu_order":0,"template":"","meta":{"_seopress_robots_primary_cat":"","_seopress_titles_title":"","_seopress_titles_desc":"","_seopress_robots_index":""},"type-meubilair":[222],"project-toepassing":[72],"toepassingen":[102],"collecties":[],"class_list":["post-3624","producten","type-producten","status-publish","has-post-thumbnail","hentry","type-meubilair-bureaux","project-toepassing-bureau","toepassingen-bureaux-et-tables"],"_links":{"self":[{"href":"https:\/\/www.sv.be\/fr\/wp-json\/wp\/v2\/producten\/3624","targetHints":{"allow":["GET"]}}],"collection":[{"href":"https:\/\/www.sv.be\/fr\/wp-json\/wp\/v2\/producten"}],"about":[{"href":"https:\/\/www.sv.be\/fr\/wp-json\/wp\/v2\/types\/producten"}],"wp:featuredmedia":[{"embeddable":true,"href":"https:\/\/www.sv.be\/fr\/wp-json\/wp\/v2\/media\/3626"}],"wp:attachment":[{"href":"https:\/\/www.sv.be\/fr\/wp-json\/wp\/v2\/media?parent=3624"}],"wp:term":[{"taxonomy":"type-meubilair","embeddable":true,"href":"https:\/\/www.sv.be\/fr\/wp-json\/wp\/v2\/type-meubilair?post=3624"},{"taxonomy":"project-toepassing","embeddable":true,"href":"https:\/\/www.sv.be\/fr\/wp-json\/wp\/v2\/project-toepassing?post=3624"},{"taxonomy":"toepassingen","embeddable":true,"href":"https:\/\/www.sv.be\/fr\/wp-json\/wp\/v2\/toepassingen?post=3624"},{"taxonomy":"collecties","embeddable":true,"href":"https:\/\/www.sv.be\/fr\/wp-json\/wp\/v2\/collecties?post=3624"}],"curies":[{"name":"wp","href":"https:\/\/api.w.org\/{rel}","templated":true}]}}