{"id":10411,"date":"2023-03-28T09:31:09","date_gmt":"2023-03-28T07:31:09","guid":{"rendered":"https:\/\/www.sv.be\/product\/clark-2\/"},"modified":"2023-03-28T09:31:09","modified_gmt":"2023-03-28T07:31:09","slug":"clark-2","status":"publish","type":"producten","link":"https:\/\/www.sv.be\/fr\/produit\/clark-2\/","title":{"rendered":"Clark"},"content":{"rendered":"\n<p>Clark est notre r\u00e9ponse directe aux aspects les plus divers du travail flexible. Avec son design \u00e9pur\u00e9, terre-\u00e0-terre et efficace et son acoustique performante, il offre un large \u00e9ventail de solutions, du salon au module de r\u00e9union. L&#8217;ajustement optimal du si\u00e8ge rabattable en fait un espace de travail \u00e0 part enti\u00e8re. Le motif cousu des si\u00e8ges et des dossiers \u00e9vite les plis et rend le programme id\u00e9al pour les espaces publics. Les modules de canap\u00e9 sont livr\u00e9s avec des pieds en acier peint par poudrage ou en ch\u00eane massif.<\/p>\n","protected":false},"featured_media":9511,"menu_order":0,"template":"","meta":{"_seopress_robots_primary_cat":"","_seopress_titles_title":"","_seopress_titles_desc":"","_seopress_robots_index":""},"type-meubilair":[],"project-toepassing":[],"toepassingen":[],"collecties":[],"class_list":["post-10411","producten","type-producten","status-publish","has-post-thumbnail","hentry"],"_links":{"self":[{"href":"https:\/\/www.sv.be\/fr\/wp-json\/wp\/v2\/producten\/10411","targetHints":{"allow":["GET"]}}],"collection":[{"href":"https:\/\/www.sv.be\/fr\/wp-json\/wp\/v2\/producten"}],"about":[{"href":"https:\/\/www.sv.be\/fr\/wp-json\/wp\/v2\/types\/producten"}],"wp:featuredmedia":[{"embeddable":true,"href":"https:\/\/www.sv.be\/fr\/wp-json\/wp\/v2\/media\/9511"}],"wp:attachment":[{"href":"https:\/\/www.sv.be\/fr\/wp-json\/wp\/v2\/media?parent=10411"}],"wp:term":[{"taxonomy":"type-meubilair","embeddable":true,"href":"https:\/\/www.sv.be\/fr\/wp-json\/wp\/v2\/type-meubilair?post=10411"},{"taxonomy":"project-toepassing","embeddable":true,"href":"https:\/\/www.sv.be\/fr\/wp-json\/wp\/v2\/project-toepassing?post=10411"},{"taxonomy":"toepassingen","embeddable":true,"href":"https:\/\/www.sv.be\/fr\/wp-json\/wp\/v2\/toepassingen?post=10411"},{"taxonomy":"collecties","embeddable":true,"href":"https:\/\/www.sv.be\/fr\/wp-json\/wp\/v2\/collecties?post=10411"}],"curies":[{"name":"wp","href":"https:\/\/api.w.org\/{rel}","templated":true}]}}